{"id":28426,"date":"2025-06-26T13:33:17","date_gmt":"2025-06-26T11:33:17","guid":{"rendered":"https:\/\/www.maior.it\/?page_id=28426"},"modified":"2026-03-25T12:00:10","modified_gmt":"2026-03-25T11:00:10","slug":"acessibilidade","status":"publish","type":"page","link":"https:\/\/www.maior.it\/pt\/acessibilidade\/","title":{"rendered":"Acessibilidade"},"content":{"rendered":"<section class=\"wpb-content-wrapper\">[vc_row el_class=&#8221;breadcrumb margin_top_30&#8243;][vc_column]<nav class=\"vcex-breadcrumbs vcex-breadcrumbs--links-inherit-color center_desktop\" style=\"--vcex-breadcrumbs-sep-color:#b9d6f4;font-size:14px;font-family:&#039;Inter&#039;,sans-serif;line-height:140%;\"><span><span><a href=\"https:\/\/www.maior.it\/pt\/\">Home<\/a><\/span><\/span><\/nav>[\/vc_column][\/vc_row][vc_row full_width=&#8221;stretch_row_content_no_spaces&#8221; el_class=&#8221;margin_top_50 references_riga1&#8243; visibility=&#8221;visible-desktop&#8221;][vc_column width=&#8221;1\/2&#8243; el_class=&#8221;references_riga1_col1&#8243;][vc_single_image image=&#8221;28152&#8243;][\/vc_column][vc_column width=&#8221;1\/2&#8243; el_class=&#8221;references_riga1_col2&#8243;][vc_column_text]\n<h3>Acessibilidade Digital segundo a MAIOR<\/h3>\n[\/vc_column_text][vc_empty_space height=&#8221;15px&#8221;][vc_column_text]Um mundo verdadeiramente conectado \u00e9 um mundo acess\u00edvel para todos.<\/p>\n<p>Navegar em um site, usar um aplicativo, ler conte\u00fados online: s\u00e3o a\u00e7\u00f5es do dia a dia que muitos consideram naturais.<br \/>\nMas para algumas pessoas, n\u00e3o \u00e9 t\u00e3o simples assim.<\/p>\n<p>\u00c9 por isso que, na MAIOR, acreditamos que a acessibilidade digital n\u00e3o \u00e9 um extra, mas uma necessidade.<br \/>\nTodos, independentemente das habilidades f\u00edsicas, sensoriais ou cognitivas, devem poder vivenciar uma experi\u00eancia digital completa, inclusiva e respeitosa.[\/vc_column_text][vc_empty_space][vc_column_text]\n<h3>Nosso compromisso concreto<\/h3>\n[\/vc_column_text][vc_empty_space height=&#8221;15px&#8221;][vc_column_text]Trabalhamos com empenho para garantir que todas as nossas ferramentas digitais sejam f\u00e1ceis de usar, seguindo os padr\u00f5es internacionais indicados nas Web Content Accessibility Guidelines (WCAG) 2.1.<\/p>\n<p>Isso significa que textos, bot\u00f5es, menus, cores e funcionalidades s\u00e3o projetados para serem claros e utiliz\u00e1veis por todos, inclusive por aqueles que dependem de tecnologias assistivas ou enfrentam dificuldades visuais, cognitivas ou motoras.[\/vc_column_text][\/vc_column][\/vc_row][vc_row el_class=&#8221;margin_top_50&#8243; visibility=&#8221;visible-phone&#8221; el_id=&#8221;mobile&#8221;][vc_column el_class=&#8221;references_riga1_col1&#8243;][vc_column_text]\n<h3>Acessibilidade Digital segundo a MAIOR<\/h3>\n[\/vc_column_text][\/vc_column][\/vc_row][vc_row full_width=&#8221;stretch_row_content_no_spaces&#8221; visibility=&#8221;visible-phone&#8221; css=&#8221;.vc_custom_1750940901279{margin-top: 30px !important;}&#8221; el_id=&#8221;mobile&#8221;][vc_column el_class=&#8221;references_riga1_col1&#8243;][vc_single_image image=&#8221;28152&#8243;][\/vc_column][\/vc_row][vc_row el_class=&#8221;margin_top_50&#8243; visibility=&#8221;visible-phone&#8221; el_id=&#8221;mobile&#8221;][vc_column el_class=&#8221;references_riga1_col1&#8243;][vc_column_text]\n<p data-start=\"51\" data-end=\"122\"><strong data-start=\"51\" data-end=\"122\">Um mundo verdadeiramente conectado \u00e9 um mundo acess\u00edvel para todos.<\/strong><\/p>\n<p data-start=\"124\" data-end=\"295\">Navegar em um site, usar um aplicativo, ler conte\u00fados online: s\u00e3o a\u00e7\u00f5es do dia a dia que muitos consideram naturais.<br data-start=\"240\" data-end=\"243\" \/>Mas para algumas pessoas, n\u00e3o s\u00e3o t\u00e3o simples assim.<\/p>\n<p data-start=\"297\" data-end=\"564\">\u00c9 por isso que, na MAIOR, acreditamos que a acessibilidade digital n\u00e3o \u00e9 um opcional, mas uma necessidade.<br data-start=\"403\" data-end=\"406\" \/>Todos, independentemente das capacidades f\u00edsicas, sensoriais ou cognitivas, devem poder desfrutar de uma experi\u00eancia digital completa, inclusiva e respeitosa.<\/p>\n[\/vc_column_text][vc_empty_space height=&#8221;15px&#8221;][vc_column_text]\n<h3>Nosso compromisso concreto<\/h3>\n[\/vc_column_text][vc_empty_space height=&#8221;15px&#8221;][vc_column_text]Comprometemo-nos a garantir que todas as nossas ferramentas digitais sejam f\u00e1ceis de usar, seguindo os padr\u00f5es internacionais estabelecidos pelas Web Content Accessibility Guidelines (WCAG) 2.1.<\/p>\n<p>Isso significa que textos, bot\u00f5es, menus, cores e funcionalidades s\u00e3o projetados para serem compreens\u00edveis e utiliz\u00e1veis por todos, inclusive por aqueles que utilizam tecnologias assistivas ou enfrentam dificuldades visuais, cognitivas ou motoras.[\/vc_column_text][\/vc_column][\/vc_row][vc_row][vc_column width=&#8221;1\/4&#8243;][\/vc_column][vc_column width=&#8221;1\/2&#8243;][vc_empty_space][vc_separator][vc_empty_space][vc_column_text]\n<h4>Acessibilidade pr\u00e1tica<\/h4>\n[\/vc_column_text][vc_empty_space][\/vc_column][vc_column width=&#8221;1\/4&#8243;][\/vc_column][\/vc_row][vc_row el_class=&#8221;Aftersale_riga_blocchi webinar_riga_blocchi&#8221;][vc_column width=&#8221;1\/3&#8243;][vc_row_inner el_class=&#8221;Aftersale_riga_blocchi_box2&#8243;][vc_column_inner][vc_column_text]Comprometemo-nos a tornar nossos sites cada vez mais acess\u00edveis.<br \/>\nPor isso, introduzimos um assistente digital que auxilia os usu\u00e1rios na navega\u00e7\u00e3o.[\/vc_column_text][\/vc_column_inner][\/vc_row_inner][\/vc_column][vc_column width=&#8221;1\/3&#8243;][vc_row_inner el_class=&#8221;Aftersale_riga_blocchi_box2&#8243;][vc_column_inner][vc_column_text]Monitoramos constantemente nossas plataformas digitais e colaboramos com especialistas para resolver poss\u00edveis problemas e melhorar a acessibilidade.[\/vc_column_text][\/vc_column_inner][\/vc_row_inner][\/vc_column][vc_column width=&#8221;1\/3&#8243;][vc_row_inner el_class=&#8221;Aftersale_riga_blocchi_box2&#8243;][vc_column_inner][vc_column_text]A MAIOR publica e atualiza sua <a href=\"https:\/\/www.maior.it\/wp-content\/uploads\/2026\/03\/20260325-MAIOR-Declarac\u0327a\u0303o-de-acessibilidade.pdf\" target=\"_blank\" rel=\"noopener\">Declara\u00e7\u00e3o de Acessibilidade<\/a>, um documento que demonstra o compromisso da empresa em garantir uma experi\u00eancia inclusiva.[\/vc_column_text][\/vc_column_inner][\/vc_row_inner][\/vc_column][\/vc_row][vc_row visibility=&#8221;visible-desktop&#8221;][vc_column][vc_empty_space][vc_row_inner el_class=&#8221;Aftersale_riga_blocchi_box2&#8243;][vc_column_inner][vc_column_text text_align=&#8221;center&#8221;]Se voc\u00ea notar algum problema de acessibilidade, por favor, nos informe. Seu feedback nos ajuda a melhorar nossos servi\u00e7os para todos.<br \/>\n<a href=\"https:\/\/www.maior.it\/pt\/entre-em-contato\/contacte-nos\/\">Escreva<\/a> para n\u00f3s indicando a p\u00e1gina, uma descri\u00e7\u00e3o do problema, o dispositivo\/navegador utilizado e, se aplic\u00e1vel, as tecnologias assistivas utilizadas.[\/vc_column_text][\/vc_column_inner][\/vc_row_inner][vc_empty_space][\/vc_column][\/vc_row][vc_row el_id=&#8221;mobile&#8221; visibility=&#8221;visible-phone&#8221;][vc_column][vc_empty_space][vc_column_text]Se voc\u00ea notar algum problema de acessibilidade, por favor, nos informe. Seu feedback nos ajuda a melhorar nossos servi\u00e7os para todos.<br \/>\n&lt;a href=&#8221;https:\/\/www.maior.it\/pt\/entre-em-contato\/contacte-nos\/&#8221;&gt;Escreva&lt;\/a&gt; para n\u00f3s indicando a p\u00e1gina, uma descri\u00e7\u00e3o do problema, o dispositivo\/navegador utilizado e, se aplic\u00e1vel, as tecnologias assistivas utilizadas.[\/vc_column_text][vc_empty_space][\/vc_column][\/vc_row]\n<\/section>","protected":false},"excerpt":{"rendered":"<p>[vc_row el_class=&#8221;breadcrumb margin_top_30&#8243;][vc_column][\/vc_column][\/vc_row][vc_row full_width=&#8221;stretch_row_content_no_spaces&#8221; el_class=&#8221;margin_top_50 references_riga1&#8243; visibility=&#8221;visible-desktop&#8221;][vc_column width=&#8221;1\/2&#8243; el_class=&#8221;references_riga1_col1&#8243;][vc_single_image image=&#8221;28152&#8243;][\/vc_column][vc_column width=&#8221;1\/2&#8243; el_class=&#8221;references_riga1_col2&#8243;][vc_column_text] Acessibilidade Digital segundo a MAIOR [\/vc_column_text][vc_empty_space height=&#8221;15px&#8221;][vc_column_text]Um mundo verdadeiramente conectado \u00e9 um mundo acess\u00edvel para todos. Navegar em um site, usar um aplicativo, ler conte\u00fados online: s\u00e3o a\u00e7\u00f5es do dia a dia que muitos consideram naturais. Mas para algumas pessoas, n\u00e3o \u00e9 t\u00e3o&hellip;<\/p>\n","protected":false},"author":2,"featured_media":0,"parent":0,"menu_order":0,"comment_status":"closed","ping_status":"closed","template":"","meta":{"_acf_changed":false,"inline_featured_image":false,"footnotes":""},"class_list":["post-28426","page","type-page","status-publish","hentry","entry","no-media"],"acf":[],"yoast_head":"<!-- This site is optimized with the Yoast SEO plugin v27.1.1 - https:\/\/yoast.com\/product\/yoast-seo-wordpress\/ -->\n<title>Acessibilidade - MAIOR<\/title>\n<meta name=\"description\" content=\"Um mundo verdadeiramente conectado \u00e9 um mundo acess\u00edvel para todos.Navegar em um site, usar um aplicativo, ler conte\u00fados online: s\u00e3o a\u00e7\u00f5es do dia a dia que muitos consideram naturais.Mas para algumas pessoas, n\u00e3o s\u00e3o t\u00e3o simples assim.\u00c9 por isso que, na MAIOR, acreditamos que a acessibilidade digital n\u00e3o \u00e9 um opcional, mas uma necessidade.Todos, independentemente das capacidades f\u00edsicas, sensoriais ou cognitivas, devem poder desfrutar de uma experi\u00eancia digital completa, inclusiva e respeitosa.\" \/>\n<meta name=\"robots\" content=\"index, follow, max-snippet:-1, max-image-preview:large, max-video-preview:-1\" \/>\n<link rel=\"canonical\" href=\"https:\/\/www.maior.it\/pt\/acessibilidade\/\" \/>\n<meta property=\"og:locale\" content=\"pt_PT\" \/>\n<meta property=\"og:type\" content=\"article\" \/>\n<meta property=\"og:title\" content=\"Acessibilidade - MAIOR\" \/>\n<meta property=\"og:description\" content=\"Um mundo verdadeiramente conectado \u00e9 um mundo acess\u00edvel para todos.Navegar em um site, usar um aplicativo, ler conte\u00fados online: s\u00e3o a\u00e7\u00f5es do dia a dia que muitos consideram naturais.Mas para algumas pessoas, n\u00e3o s\u00e3o t\u00e3o simples assim.\u00c9 por isso que, na MAIOR, acreditamos que a acessibilidade digital n\u00e3o \u00e9 um opcional, mas uma necessidade.Todos, independentemente das capacidades f\u00edsicas, sensoriais ou cognitivas, devem poder desfrutar de uma experi\u00eancia digital completa, inclusiva e respeitosa.\" \/>\n<meta property=\"og:url\" content=\"https:\/\/www.maior.it\/pt\/acessibilidade\/\" \/>\n<meta property=\"og:site_name\" content=\"MAIOR\" \/>\n<meta property=\"article:modified_time\" content=\"2026-03-25T11:00:10+00:00\" \/>\n<meta name=\"twitter:card\" content=\"summary_large_image\" \/>\n<meta name=\"twitter:label1\" content=\"Est. reading time\" \/>\n\t<meta name=\"twitter:data1\" content=\"3 minutos\" \/>\n<script type=\"application\/ld+json\" class=\"yoast-schema-graph\">{\"@context\":\"https:\/\/schema.org\",\"@graph\":[{\"@type\":\"WebPage\",\"@id\":\"https:\/\/www.maior.it\/pt\/acessibilidade\/\",\"url\":\"https:\/\/www.maior.it\/pt\/acessibilidade\/\",\"name\":\"Acessibilidade - MAIOR\",\"isPartOf\":{\"@id\":\"https:\/\/www.maior.it\/#website\"},\"datePublished\":\"2025-06-26T11:33:17+00:00\",\"dateModified\":\"2026-03-25T11:00:10+00:00\",\"description\":\"Um mundo verdadeiramente conectado \u00e9 um mundo acess\u00edvel para todos.Navegar em um site, usar um aplicativo, ler conte\u00fados online: s\u00e3o a\u00e7\u00f5es do dia a dia que muitos consideram naturais.Mas para algumas pessoas, n\u00e3o s\u00e3o t\u00e3o simples assim.\u00c9 por isso que, na MAIOR, acreditamos que a acessibilidade digital n\u00e3o \u00e9 um opcional, mas uma necessidade.Todos, independentemente das capacidades f\u00edsicas, sensoriais ou cognitivas, devem poder desfrutar de uma experi\u00eancia digital completa, inclusiva e respeitosa.\",\"breadcrumb\":{\"@id\":\"https:\/\/www.maior.it\/pt\/acessibilidade\/#breadcrumb\"},\"inLanguage\":\"pt-AO\",\"potentialAction\":[{\"@type\":\"ReadAction\",\"target\":[\"https:\/\/www.maior.it\/pt\/acessibilidade\/\"]}]},{\"@type\":\"BreadcrumbList\",\"@id\":\"https:\/\/www.maior.it\/pt\/acessibilidade\/#breadcrumb\",\"itemListElement\":[{\"@type\":\"ListItem\",\"position\":1,\"name\":\"Home\",\"item\":\"https:\/\/www.maior.it\/pt\/\"},{\"@type\":\"ListItem\",\"position\":2,\"name\":\"Acessibilidade\"}]},{\"@type\":\"WebSite\",\"@id\":\"https:\/\/www.maior.it\/#website\",\"url\":\"https:\/\/www.maior.it\/\",\"name\":\"MAIOR\",\"description\":\"\",\"publisher\":{\"@id\":\"https:\/\/www.maior.it\/#organization\"},\"potentialAction\":[{\"@type\":\"SearchAction\",\"target\":{\"@type\":\"EntryPoint\",\"urlTemplate\":\"https:\/\/www.maior.it\/?s={search_term_string}\"},\"query-input\":{\"@type\":\"PropertyValueSpecification\",\"valueRequired\":true,\"valueName\":\"search_term_string\"}}],\"inLanguage\":\"pt-AO\"},{\"@type\":\"Organization\",\"@id\":\"https:\/\/www.maior.it\/#organization\",\"name\":\"MAIOR\",\"url\":\"https:\/\/www.maior.it\/\",\"logo\":{\"@type\":\"ImageObject\",\"inLanguage\":\"pt-AO\",\"@id\":\"https:\/\/www.maior.it\/#\/schema\/logo\/image\/\",\"url\":\"https:\/\/www.maior.it\/wp-content\/uploads\/2023\/08\/maior-favicon.jpg\",\"contentUrl\":\"https:\/\/www.maior.it\/wp-content\/uploads\/2023\/08\/maior-favicon.jpg\",\"width\":48,\"height\":48,\"caption\":\"MAIOR\"},\"image\":{\"@id\":\"https:\/\/www.maior.it\/#\/schema\/logo\/image\/\"},\"sameAs\":[\"https:\/\/www.instagram.com\/maior.it\",\"https:\/\/www.linkedin.com\/company\/m-a-i-o-r-\/\"]}]}<\/script>\n<!-- \/ Yoast SEO plugin. -->","yoast_head_json":{"title":"Acessibilidade - MAIOR","description":"Um mundo verdadeiramente conectado \u00e9 um mundo acess\u00edvel para todos.Navegar em um site, usar um aplicativo, ler conte\u00fados online: s\u00e3o a\u00e7\u00f5es do dia a dia que muitos consideram naturais.Mas para algumas pessoas, n\u00e3o s\u00e3o t\u00e3o simples assim.\u00c9 por isso que, na MAIOR, acreditamos que a acessibilidade digital n\u00e3o \u00e9 um opcional, mas uma necessidade.Todos, independentemente das capacidades f\u00edsicas, sensoriais ou cognitivas, devem poder desfrutar de uma experi\u00eancia digital completa, inclusiva e respeitosa.","robots":{"index":"index","follow":"follow","max-snippet":"max-snippet:-1","max-image-preview":"max-image-preview:large","max-video-preview":"max-video-preview:-1"},"canonical":"https:\/\/www.maior.it\/pt\/acessibilidade\/","og_locale":"pt_PT","og_type":"article","og_title":"Acessibilidade - MAIOR","og_description":"Um mundo verdadeiramente conectado \u00e9 um mundo acess\u00edvel para todos.Navegar em um site, usar um aplicativo, ler conte\u00fados online: s\u00e3o a\u00e7\u00f5es do dia a dia que muitos consideram naturais.Mas para algumas pessoas, n\u00e3o s\u00e3o t\u00e3o simples assim.\u00c9 por isso que, na MAIOR, acreditamos que a acessibilidade digital n\u00e3o \u00e9 um opcional, mas uma necessidade.Todos, independentemente das capacidades f\u00edsicas, sensoriais ou cognitivas, devem poder desfrutar de uma experi\u00eancia digital completa, inclusiva e respeitosa.","og_url":"https:\/\/www.maior.it\/pt\/acessibilidade\/","og_site_name":"MAIOR","article_modified_time":"2026-03-25T11:00:10+00:00","twitter_card":"summary_large_image","twitter_misc":{"Est. reading time":"3 minutos"},"schema":{"@context":"https:\/\/schema.org","@graph":[{"@type":"WebPage","@id":"https:\/\/www.maior.it\/pt\/acessibilidade\/","url":"https:\/\/www.maior.it\/pt\/acessibilidade\/","name":"Acessibilidade - MAIOR","isPartOf":{"@id":"https:\/\/www.maior.it\/#website"},"datePublished":"2025-06-26T11:33:17+00:00","dateModified":"2026-03-25T11:00:10+00:00","description":"Um mundo verdadeiramente conectado \u00e9 um mundo acess\u00edvel para todos.Navegar em um site, usar um aplicativo, ler conte\u00fados online: s\u00e3o a\u00e7\u00f5es do dia a dia que muitos consideram naturais.Mas para algumas pessoas, n\u00e3o s\u00e3o t\u00e3o simples assim.\u00c9 por isso que, na MAIOR, acreditamos que a acessibilidade digital n\u00e3o \u00e9 um opcional, mas uma necessidade.Todos, independentemente das capacidades f\u00edsicas, sensoriais ou cognitivas, devem poder desfrutar de uma experi\u00eancia digital completa, inclusiva e respeitosa.","breadcrumb":{"@id":"https:\/\/www.maior.it\/pt\/acessibilidade\/#breadcrumb"},"inLanguage":"pt-AO","potentialAction":[{"@type":"ReadAction","target":["https:\/\/www.maior.it\/pt\/acessibilidade\/"]}]},{"@type":"BreadcrumbList","@id":"https:\/\/www.maior.it\/pt\/acessibilidade\/#breadcrumb","itemListElement":[{"@type":"ListItem","position":1,"name":"Home","item":"https:\/\/www.maior.it\/pt\/"},{"@type":"ListItem","position":2,"name":"Acessibilidade"}]},{"@type":"WebSite","@id":"https:\/\/www.maior.it\/#website","url":"https:\/\/www.maior.it\/","name":"MAIOR","description":"","publisher":{"@id":"https:\/\/www.maior.it\/#organization"},"potentialAction":[{"@type":"SearchAction","target":{"@type":"EntryPoint","urlTemplate":"https:\/\/www.maior.it\/?s={search_term_string}"},"query-input":{"@type":"PropertyValueSpecification","valueRequired":true,"valueName":"search_term_string"}}],"inLanguage":"pt-AO"},{"@type":"Organization","@id":"https:\/\/www.maior.it\/#organization","name":"MAIOR","url":"https:\/\/www.maior.it\/","logo":{"@type":"ImageObject","inLanguage":"pt-AO","@id":"https:\/\/www.maior.it\/#\/schema\/logo\/image\/","url":"https:\/\/www.maior.it\/wp-content\/uploads\/2023\/08\/maior-favicon.jpg","contentUrl":"https:\/\/www.maior.it\/wp-content\/uploads\/2023\/08\/maior-favicon.jpg","width":48,"height":48,"caption":"MAIOR"},"image":{"@id":"https:\/\/www.maior.it\/#\/schema\/logo\/image\/"},"sameAs":["https:\/\/www.instagram.com\/maior.it","https:\/\/www.linkedin.com\/company\/m-a-i-o-r-\/"]}]}},"_links":{"self":[{"href":"https:\/\/www.maior.it\/pt\/wp-json\/wp\/v2\/pages\/28426","targetHints":{"allow":["GET"]}}],"collection":[{"href":"https:\/\/www.maior.it\/pt\/wp-json\/wp\/v2\/pages"}],"about":[{"href":"https:\/\/www.maior.it\/pt\/wp-json\/wp\/v2\/types\/page"}],"author":[{"embeddable":true,"href":"https:\/\/www.maior.it\/pt\/wp-json\/wp\/v2\/users\/2"}],"replies":[{"embeddable":true,"href":"https:\/\/www.maior.it\/pt\/wp-json\/wp\/v2\/comments?post=28426"}],"version-history":[{"count":6,"href":"https:\/\/www.maior.it\/pt\/wp-json\/wp\/v2\/pages\/28426\/revisions"}],"predecessor-version":[{"id":30500,"href":"https:\/\/www.maior.it\/pt\/wp-json\/wp\/v2\/pages\/28426\/revisions\/30500"}],"wp:attachment":[{"href":"https:\/\/www.maior.it\/pt\/wp-json\/wp\/v2\/media?parent=28426"}],"curies":[{"name":"wp","href":"https:\/\/api.w.org\/{rel}","templated":true}]}}