{"id":25189,"date":"2023-07-17T08:38:36","date_gmt":"2023-07-17T06:38:36","guid":{"rendered":"https:\/\/www.maior.it\/?page_id=25189"},"modified":"2026-02-26T17:42:20","modified_gmt":"2026-02-26T16:42:20","slug":"referencias","status":"publish","type":"page","link":"https:\/\/www.maior.it\/pt\/maior-empresa\/referencias\/","title":{"rendered":"Refer\u00eancias"},"content":{"rendered":"<section class=\"wpb-content-wrapper\">[vc_row el_class=&#8221;breadcrumb margin_top_30&#8243;][vc_column]<nav class=\"vcex-breadcrumbs vcex-breadcrumbs--links-inherit-color vcex-breadcrumbs--custom-color center_desktop\" style=\"color:#b9d6f4;--vcex-breadcrumbs-sep-color:#b9d6f4;font-size:14px;font-family:&#039;Inter&#039;,sans-serif;line-height:140%;--wpex-link-text-decoration:underline;\"><span><span><a href=\"https:\/\/www.maior.it\/pt\/\">Home<\/a><\/span><\/span><\/nav>[\/vc_column][\/vc_row][vc_row full_width=&#8221;stretch_row_content_no_spaces&#8221; content_placement=&#8221;middle&#8221; el_class=&#8221;margin_top_50 references_riga1 margin_bot_50&#8243; visibility=&#8221;hidden-phone&#8221;][vc_column width=&#8221;1\/2&#8243; el_class=&#8221;references_riga1_col1&#8243;][vc_single_image image=&#8221;25223&#8243;][\/vc_column][vc_column width=&#8221;1\/2&#8243; el_class=&#8221;references_riga1_col2&#8243;][vc_column_text]\n<h1>Refer\u00eancias<\/h1>\n[\/vc_column_text][vc_column_text]\n<h3>Somos o parceiro tecnol\u00f3gico de mais de 200 empresas de transporte p\u00fablico em todo o mundo.<\/h3>\n[\/vc_column_text][vc_column_text el_class=&#8221;margin_top_40&#8243;]A MAIOR tem orgulho de ser o parceiro tecnol\u00f3gico de seus clientes, contribuindo ativamente para a transforma\u00e7\u00e3o da efici\u00eancia no transporte p\u00fablico e promovendo a sustentabilidade por meio do aprimoramento do planejamento operacional.<\/p>\n<p>Com mais de 35 d\u00e9cadas de experi\u00eancia, ajudamos empresas de transporte p\u00fablico de pequeno, m\u00e9dio e grande porte, operando diversos tipos de ve\u00edculos, incluindo \u00f4nibus, \u00f4nibus el\u00e9tricos, bondes, metr\u00f4s e avi\u00f5es. Nossa miss\u00e3o \u00e9 otimizar o planejamento, escalonamento e gest\u00e3o de ve\u00edculos e motoristas, permitindo que nossos clientes alcancem opera\u00e7\u00f5es altamente eficientes e mantenham os custos sob controle.[\/vc_column_text][\/vc_column][\/vc_row][vc_row el_class=&#8221;margin_top_50&#8243; visibility=&#8221;visible-phone&#8221;][vc_column][vc_column_text]\n<h1>Refer\u00eancias<\/h1>\n[\/vc_column_text][vc_column_text]\n<h2>Somos o parceiro tecnol\u00f3gico de 200+ empresas de transporte p\u00fablico em todo o mundo.<\/h2>\n[\/vc_column_text][\/vc_column][\/vc_row][vc_row full_width=&#8221;stretch_row_content_no_spaces&#8221; visibility=&#8221;visible-phone&#8221; css=&#8221;.vc_custom_1690286027596{margin-top: 30px !important;}&#8221;][vc_column][vc_single_image image=&#8221;25194&#8243;][\/vc_column][\/vc_row][vc_row visibility=&#8221;visible-phone&#8221; css=&#8221;.vc_custom_1690286033106{margin-top: 30px !important;}&#8221;][vc_column][vc_column_text][\/vc_column_text][\/vc_column][\/vc_row][vc_row el_class=&#8221;references_riga_elenco margin_top_30&#8243;][vc_column width=&#8221;1\/2&#8243; el_class=&#8221;references_riga_elenco_col1 java&#8221;][vc_single_image image=&#8221;28749&#8243; el_class=&#8221;attiva&#8221;][vc_row_inner css=&#8221;.vc_custom_1690804391351{margin-top: 24px !important;}&#8221; el_class=&#8221;references_riga_elenco_interno&#8221;][vc_column_inner el_class=&#8221;references_riga_elenco_interno_col1&#8243; width=&#8221;5\/6&#8243;][vc_column_text]\n<h3>Tampere, <span data-olk-copy-source=\"MessageBody\">Finl\u00e2ndia<\/span><\/h3>\n[\/vc_column_text][vc_column_text color=&#8221;#003a69&#8243; font_size=&#8221;20px&#8221; font_family=&#8221;Inter&#8221; line_height=&#8221;150%&#8221; font_weight=&#8221;800&#8243;]Nysse[\/vc_column_text][\/vc_column_inner][vc_column_inner el_class=&#8221;references_riga_elenco_interno_col2 logo_referenza&#8221; width=&#8221;1\/6&#8243;][vc_single_image image=&#8221;28760&#8243; alignment=&#8221;right&#8221; onclick=&#8221;custom_link&#8221; img_link_target=&#8221;_blank&#8221; link=&#8221;https:\/\/intercity.nomago.eu\/ljubljana&#8221;][\/vc_column_inner][\/vc_row_inner][vc_column_text css=&#8221;.vc_custom_1755775338680{margin-top: 16px !important;}&#8221; font_size=&#8221;14px&#8221; el_class=&#8221;attiva&#8221;]<span lang=\"es\"><span class=\"markigd4gygww\" data-markjs=\"true\" data-ogac=\"\" data-ogab=\"\" data-ogsc=\"\" data-ogsb=\"\" data-olk-copy-source=\"MessageBody\">Tampere<\/span>en seudun joukkoliikenne (Nysse) \u00e9 a autoridade de transporte p\u00fablico da regi\u00e3o de\u00a0<span class=\"markigd4gygww\" data-markjs=\"true\" data-ogac=\"\" data-ogab=\"\" data-ogsc=\"\" data-ogsb=\"\">Tampere<\/span>, que gerencia uma rede multimodal de \u00f4nibus e bondes, incluindo \u00f4nibus el\u00e9tricos, com cerca de 200 ve\u00edculos em opera\u00e7\u00e3o.<\/span><\/p>\n<p><span lang=\"es\">A Nysse utiliza a Su\u00ecte MAIOR para planejar e otimizar a oferta de \u00f4nibus e bondes, levando em conta as transfer\u00eancias de passageiros para garantir conex\u00f5es multimodais flu\u00eddas. A solu\u00e7\u00e3o inclui m\u00f3dulos para o planejamento de rede, planejamento de hor\u00e1rios, an\u00e1lise de tempos de viagem, programa\u00e7\u00e3o de ve\u00edculos, gest\u00e3o de contratos e desempenho, e gera\u00e7\u00e3o de dados para terceiros. <\/span><span lang=\"es\">O projeto de\u00a0<span class=\"markigd4gygww\" data-markjs=\"true\" data-ogac=\"\" data-ogab=\"\" data-ogsc=\"\" data-ogsb=\"\">Tampere<\/span>\u00a0\u00e9 um forte exemplo de coopera\u00e7\u00e3o entre autoridade e operador. A Nysse compartilha os dados de planejamento com a TKL, operadora p\u00fablica, que tamb\u00e9m utiliza a MAIOR Suite para a programa\u00e7\u00e3o de turnos de motoristas, elabora\u00e7\u00e3o de escalas de servi\u00e7o, atribui\u00e7\u00e3o de condutores e gest\u00e3o di\u00e1ria da opera\u00e7\u00e3o.<\/span>[\/vc_column_text][vc_column_text el_class=&#8221;mostra&#8221;]<span style=\"text-decoration: underline;\">SAIBA MAIS<\/span>[\/vc_column_text][vc_column_text el_class=&#8221;chiudi&#8221;]<span style=\"text-decoration: underline;\">X FECHAR<\/span>[\/vc_column_text][\/vc_column][vc_column width=&#8221;1\/2&#8243; el_class=&#8221;references_riga_elenco_col2 java&#8221;][vc_single_image image=&#8221;28755&#8243; el_class=&#8221;attiva&#8221;][vc_row_inner css=&#8221;.vc_custom_1690804391351{margin-top: 24px !important;}&#8221; el_class=&#8221;references_riga_elenco_interno&#8221;][vc_column_inner el_class=&#8221;references_riga_elenco_interno_col1&#8243; width=&#8221;5\/6&#8243;][vc_column_text]\n<h3><span data-olk-copy-source=\"MessageBody\">Regi\u00e3o Lazio, It\u00e1lia<\/span><\/h3>\n[\/vc_column_text][vc_column_text color=&#8221;#003a69&#8243; font_size=&#8221;20px&#8221; font_family=&#8221;Inter&#8221; line_height=&#8221;150%&#8221; font_weight=&#8221;800&#8243;]Cotral[\/vc_column_text][\/vc_column_inner][vc_column_inner el_class=&#8221;references_riga_elenco_interno_col2 logo_referenza&#8221; width=&#8221;1\/6&#8243;][vc_single_image image=&#8221;28764&#8243; alignment=&#8221;right&#8221; onclick=&#8221;custom_link&#8221; img_link_target=&#8221;_blank&#8221; link=&#8221;https:\/\/www.gestramvia.it\/&#8221;][\/vc_column_inner][\/vc_row_inner][vc_column_text css=&#8221;.vc_custom_1755775355192{margin-top: 16px !important;}&#8221; font_size=&#8221;14px&#8221; el_class=&#8221;attiva&#8221;]<span lang=\"es-419\" data-olk-copy-source=\"MessageBody\">A Cotral \u00e9 respons\u00e1vel pelo planejamento e gest\u00e3o de servi\u00e7os de transporte p\u00fablico regional na regi\u00e3o de Lazio. Operando uma frota mista de mais de 1.650 \u00f4nibus e 35 trens, a Cotral conecta mais de 376 munic\u00edpios e transporta mais de 300.000 passageiros diariamente. <\/span><span lang=\"es-419\">As opera\u00e7\u00f5es da empresa cobrem mais de 75 milh\u00f5es de quil\u00f4metros anualmente, com uma equipe dedicada de mais de 3.200 funcion\u00e1rios, incluindo mais de 2.200 motoristas. Como um ator fundamental na mobilidade regional, a Cotral mant\u00e9m uma vasta rede de \u00f4nibus e trens essencial para os passageiros e residentes. <\/span><span lang=\"es-419\">O projeto da Cotral envolve a implementa\u00e7\u00e3o da Su\u00ecte MAIOR para agilizar e aprimorar o planejamento, a programa\u00e7\u00e3o e a gest\u00e3o de seus servi\u00e7os. Isso inclui a gest\u00e3o de frotas mistas, planejamento de rotas, otimiza\u00e7\u00e3o da tabela hor\u00e1ria, an\u00e1lise de tempos de viagem, programa\u00e7\u00e3o de ve\u00edculos e motoristas, escalas, atribui\u00e7\u00e3o de motoristas, despacho diario e integra\u00e7\u00e3o com sistemas de terceiros tamb\u00e9m \u00e9 fundamental para melhorar a efici\u00eancia operacional e garantir um servi\u00e7o de transporte mais \u00e1gil e confi\u00e1vel.<\/span><span lang=\"es-419\">A Cotral faz uso extensivo dos algoritmos da MAIOR para atender \u00e0 demanda de servi\u00e7os que varia a cada trimestre e adaptar-se \u00e0s mudan\u00e7as frequentes no tr\u00e1fego e nas obras nas estradas, garantindo uma programa\u00e7\u00e3o e uma efici\u00eancia operacional \u00f3timas.<\/span>[\/vc_column_text][vc_column_text el_class=&#8221;mostra&#8221;]<span style=\"text-decoration: underline;\">SAIBA MAIS<\/span>[\/vc_column_text][vc_column_text el_class=&#8221;chiudi&#8221;]<span style=\"text-decoration: underline;\">X FECHAR<\/span>[\/vc_column_text][\/vc_column][\/vc_row][vc_row el_class=&#8221;references_riga_elenco margin_top_30&#8243;][vc_column width=&#8221;1\/2&#8243; el_class=&#8221;references_riga_elenco_col1 java&#8221;][vc_single_image image=&#8221;25241&#8243; el_class=&#8221;attiva&#8221;][vc_row_inner css=&#8221;.vc_custom_1690804391351{margin-top: 24px !important;}&#8221; el_class=&#8221;references_riga_elenco_interno&#8221;][vc_column_inner el_class=&#8221;references_riga_elenco_interno_col1&#8243; width=&#8221;5\/6&#8243;][vc_column_text]\n<h3>Ljubljana, Eslov\u00e9nia<\/h3>\n[\/vc_column_text][vc_column_text color=&#8221;#003a69&#8243; font_size=&#8221;20px&#8221; font_family=&#8221;Inter&#8221; line_height=&#8221;150%&#8221; font_weight=&#8221;800&#8243;]Nomago[\/vc_column_text][\/vc_column_inner][vc_column_inner el_class=&#8221;references_riga_elenco_interno_col2 logo_referenza&#8221; width=&#8221;1\/6&#8243;][vc_single_image image=&#8221;25232&#8243; alignment=&#8221;right&#8221; onclick=&#8221;custom_link&#8221; img_link_target=&#8221;_blank&#8221; link=&#8221;https:\/\/intercity.nomago.eu\/ljubljana&#8221;][\/vc_column_inner][\/vc_row_inner][vc_column_text css=&#8221;.vc_custom_1755775314173{margin-top: 16px !important;}&#8221; font_size=&#8221;14px&#8221; el_class=&#8221;attiva&#8221;]Nomago \u00e9 um fornecedor de viagens e mobilidade com mais de 600 autocarros de passageiros a operar na regi\u00e3o entre Veneza e Dubrovnik, na Eslov\u00e9nia. Com uma abordagem centrada no cliente e respondendo \u00e0s necessidades de cada viajante, a Nomago tamb\u00e9m se esfor\u00e7a por ser sustent\u00e1vel, expandindo constantemente a sua frota com autocarros modernos e ecol\u00f3gicos e incentivando todos a utilizarem os meios de transporte p\u00fablicos. A empresa opera 700 autocarros e possui mais de 20 esta\u00e7\u00f5es de autocarros. O projeto para a Nomago inclui a Planejamento de Rotas, a Tabela Hor\u00e1ria, a Programa\u00e7\u00e3o de Ve\u00edculos e a Programa\u00e7\u00e3o de Motoristas.[\/vc_column_text][vc_column_text el_class=&#8221;mostra&#8221;]<span style=\"text-decoration: underline;\">SAIBA MAIS<\/span>[\/vc_column_text][vc_column_text el_class=&#8221;chiudi&#8221;]<span style=\"text-decoration: underline;\">X FECHAR<\/span>[\/vc_column_text][\/vc_column][vc_column width=&#8221;1\/2&#8243; el_class=&#8221;references_riga_elenco_col2 java&#8221;][vc_single_image image=&#8221;25235&#8243; el_class=&#8221;attiva&#8221;][vc_row_inner css=&#8221;.vc_custom_1690804391351{margin-top: 24px !important;}&#8221; el_class=&#8221;references_riga_elenco_interno&#8221;][vc_column_inner el_class=&#8221;references_riga_elenco_interno_col1&#8243; width=&#8221;5\/6&#8243;][vc_column_text]\n<h3>Floren\u00e7a, It\u00e1lia<\/h3>\n[\/vc_column_text][vc_column_text color=&#8221;#003a69&#8243; font_size=&#8221;20px&#8221; font_family=&#8221;Inter&#8221; line_height=&#8221;150%&#8221; font_weight=&#8221;800&#8243;]GEST[\/vc_column_text][\/vc_column_inner][vc_column_inner el_class=&#8221;references_riga_elenco_interno_col2 logo_referenza&#8221; width=&#8221;1\/6&#8243;][vc_single_image image=&#8221;25234&#8243; alignment=&#8221;right&#8221; onclick=&#8221;custom_link&#8221; img_link_target=&#8221;_blank&#8221; link=&#8221;https:\/\/www.gestramvia.it\/&#8221;][\/vc_column_inner][\/vc_row_inner][vc_column_text css=&#8221;.vc_custom_1755775318932{margin-top: 16px !important;}&#8221; font_size=&#8221;14px&#8221; el_class=&#8221;attiva&#8221;]A GEST S.p.A. foi fundada em 2004 com o objetivo de gerir e operar a atividade de transporte por el\u00e9trico na \u00e1rea de Floren\u00e7a, em It\u00e1lia. O servi\u00e7o \u00e9 caracterizado por uma elevada frequ\u00eancia de opera\u00e7\u00e3o, prioridade absoluta nos sem\u00e1foros e opera\u00e7\u00e3o exclusiva em vias reservadas. \u00c9 composto por duas linhas, com um comprimento total de 16,8 km. A primeira linha (T1 \u201cLeonardo\u201d) foi inaugurada em 2010 (alargada em 2018), e a segunda linha (T2 \u201cVespucci\u201d) em 2019. Nos primeiros tr\u00eas meses de 2024, as duas linhas atualmente activas transportaram 9 milh\u00f5es de utilizadores, o que equivale a 3 milh\u00f5es de passageiros por m\u00eas. O projeto para a Gest inclui a Planejamento de Rotas, a Tabela Hor\u00e1ria, a Programa\u00e7\u00e3o de Ve\u00edculos e a Programa\u00e7\u00e3o de Motoristas.[\/vc_column_text][vc_column_text el_class=&#8221;mostra&#8221;]<span style=\"text-decoration: underline;\">SAIBA MAIS<\/span>[\/vc_column_text][vc_column_text el_class=&#8221;chiudi&#8221;]<span style=\"text-decoration: underline;\">X FECHAR<\/span>[\/vc_column_text][\/vc_column][\/vc_row][vc_row el_class=&#8221;references_riga_elenco margin_top_30&#8243;][vc_column width=&#8221;1\/2&#8243; el_class=&#8221;references_riga_elenco_col1 java&#8221;][vc_single_image image=&#8221;25236&#8243; el_class=&#8221;attiva&#8221;][vc_row_inner css=&#8221;.vc_custom_1690804391351{margin-top: 24px !important;}&#8221; el_class=&#8221;references_riga_elenco_interno&#8221;][vc_column_inner el_class=&#8221;references_riga_elenco_interno_col1&#8243; width=&#8221;5\/6&#8243;][vc_column_text]\n<h3>Lombardia, It\u00e1lia<\/h3>\n[\/vc_column_text][vc_column_text color=&#8221;#003a69&#8243; font_size=&#8221;20px&#8221; font_family=&#8221;Inter&#8221; line_height=&#8221;150%&#8221; font_weight=&#8221;800&#8243;]Autoguidovie[\/vc_column_text][\/vc_column_inner][vc_column_inner el_class=&#8221;references_riga_elenco_interno_col2 logo_referenza&#8221; width=&#8221;1\/6&#8243;][vc_single_image image=&#8221;25237&#8243; alignment=&#8221;right&#8221; onclick=&#8221;custom_link&#8221; img_link_target=&#8221;_blank&#8221; link=&#8221;https:\/\/www.triestetrasporti.it\/&#8221;][\/vc_column_inner][\/vc_row_inner][vc_column_text css=&#8221;.vc_custom_1741607286269{margin-top: 16px !important;}&#8221; font_size=&#8221;14px&#8221; el_class=&#8221;attiva&#8221;]A Autoguidovie \u00e9 um dos dez principais intervenientes nos transportes p\u00fablicos locais em It\u00e1lia, oferecendo servi\u00e7os de transporte de alta qualidade com uma frota topo de gama que garante os mais elevados padr\u00f5es de sustentabilidade. A empresa opera uma das frotas de autocarros mais modernas e ecol\u00f3gicas de It\u00e1lia, com mais de 700 autocarros. O projeto para a Autoguidovie inclui a Planejamento de Rotas, a Tabela Hor\u00e1ria, a Programa\u00e7\u00e3o de Ve\u00edculos e a Programa\u00e7\u00e3o de Motoristas, Despacho Di\u00e1rio e o Portal do Motorista. A Autoguidovie tem uma hist\u00f3ria de crescimento desde a sua funda\u00e7\u00e3o e adquiriu v\u00e1rias empresas na \u00faltima d\u00e9cada (Cavourese, Dolomitibus, MOM, entre outras). A MAIOR tem apoiado as suas actividades de aquisi\u00e7\u00e3o com as suas solu\u00e7\u00f5es de software, cuidando tamb\u00e9m da harmoniza\u00e7\u00e3o dos processos de planeamento das opera\u00e7\u00f5es. [\/vc_column_text][vc_column_text el_class=&#8221;mostra&#8221;]<span style=\"text-decoration: underline;\">SAIBA MAIS<\/span>[\/vc_column_text][vc_column_text el_class=&#8221;chiudi&#8221;]\n<p><span style=\"text-decoration: underline;\">X FECHAR<\/span><\/p>\n[\/vc_column_text][\/vc_column][vc_column width=&#8221;1\/2&#8243; el_class=&#8221;references_riga_elenco_col2 java&#8221;][vc_single_image image=&#8221;25221&#8243; el_class=&#8221;attiva&#8221;][vc_row_inner css=&#8221;.vc_custom_1690804391351{margin-top: 24px !important;}&#8221; el_class=&#8221;references_riga_elenco_interno&#8221;][vc_column_inner el_class=&#8221;references_riga_elenco_interno_col1&#8243; width=&#8221;5\/6&#8243;][vc_column_text]\n<h3>Regi\u00e3o de Waikato, Nova Zel\u00e2ndia<\/h3>\n[\/vc_column_text][vc_column_text color=&#8221;#003a69&#8243; font_size=&#8221;20px&#8221; font_family=&#8221;Inter&#8221; line_height=&#8221;150%&#8221; font_weight=&#8221;800&#8243;]Regi\u00e3o de Waikato[\/vc_column_text][\/vc_column_inner][vc_column_inner el_class=&#8221;references_riga_elenco_interno_col2 logo_referenza&#8221; width=&#8221;1\/6&#8243;][vc_single_image image=&#8221;25222&#8243; alignment=&#8221;right&#8221; onclick=&#8221;custom_link&#8221; img_link_target=&#8221;_blank&#8221; link=&#8221;https:\/\/www.waikatoregion.govt.nz\/&#8221;][\/vc_column_inner][\/vc_row_inner][vc_column_text css=&#8221;.vc_custom_1741607359362{margin-top: 16px !important;}&#8221; font_size=&#8221;14px&#8221; el_class=&#8221;attiva&#8221;]O Conselho Regional de Waikato \u00e9 respons\u00e1vel pelo planeamento, gest\u00e3o e fornecimento de transportes p\u00fablicos na cidade de Hamilton e noutras cidades regionais no nordeste da Nova Zel\u00e2ndia. A ag\u00eancia gere 3 operadores de autocarros e 1 operador de comboios. A ag\u00eancia presta os seus servi\u00e7os a mais de 4 milh\u00f5es de passageiros anuais e opera mais de 110 autocarros, incluindo ve\u00edculos el\u00e9ctricos, e espera que este n\u00famero aumente cerca de 10% nos pr\u00f3ximos anos. O projeto para o Conselho Regional de Waikato inclui a implementa\u00e7\u00e3o de uma suite MAIOR personalizada para gerir a rede de transportes p\u00fablicos, planear rotas, conceber hor\u00e1rios optimizados, otimizar os hor\u00e1rios dos ve\u00edculos, abordando v\u00e1rios dep\u00f3sitos, tipos de ve\u00edculos e regras de paragem, integrando com o sistema de bilh\u00e9tica e gerando relat\u00f3rios GTFS. [\/vc_column_text][vc_column_text el_class=&#8221;mostra&#8221;]<span style=\"text-decoration: underline;\">SAIBA MAIS<\/span>[\/vc_column_text][vc_column_text el_class=&#8221;chiudi&#8221;]<span style=\"text-decoration: underline;\">X FECHAR<\/span>[\/vc_column_text][\/vc_column][\/vc_row][vc_row el_class=&#8221;references_riga_elenco margin_top_30&#8243;][vc_column width=&#8221;1\/2&#8243; el_class=&#8221;references_riga_elenco_col1 java&#8221;][vc_single_image image=&#8221;25195&#8243; el_class=&#8221;attiva&#8221;][vc_row_inner css=&#8221;.vc_custom_1690804391351{margin-top: 24px !important;}&#8221; el_class=&#8221;references_riga_elenco_interno&#8221;][vc_column_inner el_class=&#8221;references_riga_elenco_interno_col1&#8243; width=&#8221;5\/6&#8243;][vc_column_text]\n<h3>Verona, It\u00e1lia<\/h3>\n[\/vc_column_text][vc_column_text color=&#8221;#003a69&#8243; font_size=&#8221;20px&#8221; font_family=&#8221;Inter&#8221; line_height=&#8221;150%&#8221; font_weight=&#8221;800&#8243;] Air Dolomiti[\/vc_column_text][\/vc_column_inner][vc_column_inner el_class=&#8221;references_riga_elenco_interno_col2 logo_referenza&#8221; width=&#8221;1\/6&#8243;][vc_single_image image=&#8221;25196&#8243; alignment=&#8221;right&#8221; onclick=&#8221;custom_link&#8221; img_link_target=&#8221;_blank&#8221; link=&#8221;https:\/\/www.airdolomiti.it\/&#8221;][\/vc_column_inner][\/vc_row_inner][vc_column_text css=&#8221;.vc_custom_1755775391358{margin-top: 16px !important;}&#8221; font_size=&#8221;14px&#8221; el_class=&#8221;attiva&#8221;]A Air Dolomiti \u00e9 uma companhia a\u00e9rea regional italiana que opera uma rede de rotas a partir de v\u00e1rios destinos italianos para e de Munique. \u00c9 uma subsidi\u00e1ria integral da Lufthansa. A MAIOR implementou o MAIOR Airline Scheduling para a programa\u00e7\u00e3o e escalonamento da tripula\u00e7\u00e3o e gest\u00e3o em tempo real de voos atrasados ou cancelados e eventual reafecta\u00e7\u00e3o de membros da tripula\u00e7\u00e3o. Esta solu\u00e7\u00e3o integra funcionalidades avan\u00e7adas e automatizadas de licita\u00e7\u00e3o e aplica\u00e7\u00f5es Web de auto-gest\u00e3o dos turnos dos membros da tripula\u00e7\u00e3o.[\/vc_column_text][vc_column_text el_class=&#8221;mostra&#8221;]<span style=\"text-decoration: underline;\">SAIBA MAIS<\/span>[\/vc_column_text][vc_column_text el_class=&#8221;chiudi&#8221;]<span style=\"text-decoration: underline;\">X FECHAR<\/span>[\/vc_column_text][\/vc_column][vc_column width=&#8221;1\/2&#8243; el_class=&#8221;references_riga_elenco_col2 java&#8221;][vc_single_image image=&#8221;25219&#8243; el_class=&#8221;attiva&#8221;][vc_row_inner css=&#8221;.vc_custom_1690804391351{margin-top: 24px !important;}&#8221; el_class=&#8221;references_riga_elenco_interno&#8221;][vc_column_inner el_class=&#8221;references_riga_elenco_interno_col1&#8243; width=&#8221;5\/6&#8243;][vc_column_text]\n<h3>Trieste, It\u00e1lia<\/h3>\n[\/vc_column_text][vc_column_text color=&#8221;#003a69&#8243; font_size=&#8221;20px&#8221; font_family=&#8221;Inter&#8221; line_height=&#8221;150%&#8221; font_weight=&#8221;800&#8243;]Trieste Trasporti[\/vc_column_text][\/vc_column_inner][vc_column_inner el_class=&#8221;references_riga_elenco_interno_col2 logo_referenza&#8221; width=&#8221;1\/6&#8243;][vc_single_image image=&#8221;25220&#8243; alignment=&#8221;right&#8221; onclick=&#8221;custom_link&#8221; img_link_target=&#8221;_blank&#8221; link=&#8221;https:\/\/www.triestetrasporti.it\/&#8221;][\/vc_column_inner][\/vc_row_inner][vc_column_text css=&#8221;.vc_custom_1755775436271{margin-top: 16px !important;}&#8221; font_size=&#8221;14px&#8221; el_class=&#8221;attiva&#8221;]Trieste Trasporti\u00a0\u00e9 a empresa de transportes p\u00fablicos da cidade de Trieste, em It\u00e1lia. A Trieste Trasporti gere\u00a070 carreiras de autocarros\u00a0e opera\u00a0300 ve\u00edculos. O projeto para a Trieste centrou-se na\u00a0substitui\u00e7\u00e3o de um software \u201cdesenvolvido em casa\u201d por um sistema de software de programa\u00e7\u00e3o moderno fornecido pela MAIOR. A suite MAIOR permite a conce\u00e7\u00e3o de rotas, a gest\u00e3o de mapas, a cria\u00e7\u00e3o de viagens, o bloqueio, a redu\u00e7\u00e3o de percursos, a listagem, a atribui\u00e7\u00e3o de condutores, o self-service dos empregados, a expedi\u00e7\u00e3o, a gest\u00e3o di\u00e1ria, a folha de pagamentos e a integra\u00e7\u00e3o AVL, a exporta\u00e7\u00e3o GTFS e a impress\u00e3o de hor\u00e1rios.[\/vc_column_text][vc_column_text el_class=&#8221;mostra&#8221;]<span style=\"text-decoration: underline;\">SAIBA MAIS<\/span>[\/vc_column_text][vc_column_text el_class=&#8221;chiudi&#8221;]<span style=\"text-decoration: underline;\">X FECHAR<\/span>[\/vc_column_text][\/vc_column][\/vc_row][vc_row el_class=&#8221;references_riga_elenco margin_top_30&#8243;][vc_column width=&#8221;1\/2&#8243; el_class=&#8221;references_riga_elenco_col1 java&#8221;][vc_single_image image=&#8221;25199&#8243; el_class=&#8221;attiva&#8221;][vc_row_inner css=&#8221;.vc_custom_1690804391351{margin-top: 24px !important;}&#8221; el_class=&#8221;references_riga_elenco_interno&#8221;][vc_column_inner el_class=&#8221;references_riga_elenco_interno_col1&#8243; width=&#8221;5\/6&#8243;][vc_column_text]\n<h3>Roma, It\u00e1lia<\/h3>\n[\/vc_column_text][vc_column_text color=&#8221;#003a69&#8243; font_size=&#8221;20px&#8221; font_family=&#8221;Inter&#8221; line_height=&#8221;150%&#8221; font_weight=&#8221;800&#8243;]ATAC[\/vc_column_text][\/vc_column_inner][vc_column_inner el_class=&#8221;references_riga_elenco_interno_col2 logo_referenza&#8221; width=&#8221;1\/6&#8243;][vc_single_image image=&#8221;25200&#8243; alignment=&#8221;right&#8221; onclick=&#8221;custom_link&#8221; img_link_target=&#8221;_blank&#8221; link=&#8221;https:\/\/www.atac.roma.it\/&#8221;][\/vc_column_inner][\/vc_row_inner][vc_column_text css=&#8221;.vc_custom_1755775410046{margin-top: 16px !important;}&#8221; font_size=&#8221;14px&#8221; el_class=&#8221;attiva&#8221;]AATAC\u00a0\u00e9 a maior empresa de transportes p\u00fablicos em It\u00e1lia. Opera autocarros, el\u00e9ctricos, metro e caminhos-de-ferro regionais na \u00e1rea metropolitana de Roma. A ATAC tem 7.000 condutores, cerca de 2.500 ve\u00edculos e transporta\u00a01,6 mil milh\u00f5es de passageiros por ano. O projeto em Roma envolveu a implementa\u00e7\u00e3o da Suite MAIOR, adaptada para realizar a\u00a0gest\u00e3o da rede, o planeamento estrat\u00e9gico do servi\u00e7o, o bloqueio de ve\u00edculos e a otimiza\u00e7\u00e3o da redu\u00e7\u00e3o de tiragens, a gest\u00e3o di\u00e1ria das opera\u00e7\u00f5es e a elabora\u00e7\u00e3o de relat\u00f3rios.[\/vc_column_text][vc_column_text el_class=&#8221;mostra&#8221;]<span style=\"text-decoration: underline;\">SAIBA MAIS<\/span>[\/vc_column_text][vc_column_text el_class=&#8221;chiudi&#8221;]<span style=\"text-decoration: underline;\">X FECHAR<\/span>[\/vc_column_text][\/vc_column][vc_column width=&#8221;1\/2&#8243; el_class=&#8221;references_riga_elenco_col2 java&#8221;][vc_single_image image=&#8221;25201&#8243; el_class=&#8221;attiva&#8221;][vc_row_inner css=&#8221;.vc_custom_1690804391351{margin-top: 24px !important;}&#8221; el_class=&#8221;references_riga_elenco_interno&#8221;][vc_column_inner el_class=&#8221;references_riga_elenco_interno_col1&#8243; width=&#8221;5\/6&#8243;][vc_column_text]\n<h3>Mil\u00e3o, It\u00e1lia<\/h3>\n[\/vc_column_text][vc_column_text color=&#8221;#003a69&#8243; font_size=&#8221;20px&#8221; font_family=&#8221;Inter&#8221; line_height=&#8221;150%&#8221; font_weight=&#8221;800&#8243;]ATM[\/vc_column_text][\/vc_column_inner][vc_column_inner el_class=&#8221;references_riga_elenco_interno_col2 logo_referenza&#8221; width=&#8221;1\/6&#8243;][vc_single_image image=&#8221;25202&#8243; alignment=&#8221;right&#8221; onclick=&#8221;custom_link&#8221; img_link_target=&#8221;_blank&#8221; link=&#8221;https:\/\/www.atm.it\/&#8221;][\/vc_column_inner][\/vc_row_inner][vc_column_text css=&#8221;.vc_custom_1755775422061{margin-top: 16px !important;}&#8221; font_size=&#8221;14px&#8221; el_class=&#8221;attiva&#8221;]A ATM\u00a0\u00e9 respons\u00e1vel pelos transportes p\u00fablicos em Mil\u00e3o e em 46 munic\u00edpios vizinhos. Opera\u00a0 autocarros, el\u00e9ctricos e metro. A ATM tem 7.000 condutores, cerca de 2.000 ve\u00edculos e transporta 775 milh\u00f5es de passageiros por ano. A MAIOR Suite personalizada para a ATM inclui\u00a0todas as funcionalidades da suite MAIOR\u00a0para garantir uma mobilidade sustent\u00e1vel, uma melhor experi\u00eancia dos passageiros e solu\u00e7\u00f5es operacionais econ\u00f3micas para minimizar os custos operacionais. A MAIOR e a ATM trabalham constantemente em conjunto\u00a0para melhorar a oferta de transportes p\u00fablicos de Mil\u00e3o atrav\u00e9s da inova\u00e7\u00e3o. Com o inovador projeto-piloto \u201cDisruption\u201d, a ATM adoptou recentemente um sistema de software avan\u00e7ado para garantir a regularidade do servi\u00e7o nas situa\u00e7\u00f5es mais complexas de congestionamento da rede.[\/vc_column_text][vc_column_text el_class=&#8221;mostra&#8221;]<span style=\"text-decoration: underline;\">SAIBA MAIS<\/span>[\/vc_column_text][vc_column_text el_class=&#8221;chiudi&#8221;]<span style=\"text-decoration: underline;\">X FECHAR<\/span>[\/vc_column_text][\/vc_column][\/vc_row][vc_row el_class=&#8221;references_riga_elenco margin_top_30&#8243;][vc_column width=&#8221;1\/2&#8243; el_class=&#8221;references_riga_elenco_col1 java&#8221;][vc_single_image image=&#8221;25203&#8243; el_class=&#8221;attiva&#8221;][vc_row_inner css=&#8221;.vc_custom_1690804391351{margin-top: 24px !important;}&#8221; el_class=&#8221;references_riga_elenco_interno&#8221;][vc_column_inner el_class=&#8221;references_riga_elenco_interno_col1&#8243; width=&#8221;5\/6&#8243;][vc_column_text]\n<h3>Kitsap, EUA<\/h3>\n[\/vc_column_text][vc_column_text color=&#8221;#003a69&#8243; font_size=&#8221;20px&#8221; font_family=&#8221;Inter&#8221; line_height=&#8221;150%&#8221; font_weight=&#8221;800&#8243;]Tr\u00e2nsito de Kitsap[\/vc_column_text][\/vc_column_inner][vc_column_inner el_class=&#8221;references_riga_elenco_interno_col2 logo_referenza&#8221; width=&#8221;1\/6&#8243;][vc_single_image image=&#8221;25204&#8243; alignment=&#8221;right&#8221; onclick=&#8221;custom_link&#8221; img_link_target=&#8221;_blank&#8221; link=&#8221;https:\/\/www.kitsaptransit.com\/&#8221;][\/vc_column_inner][\/vc_row_inner][vc_column_text css=&#8221;.vc_custom_1755775636930{margin-top: 16px !important;}&#8221; font_size=&#8221;14px&#8221; el_class=&#8221;attiva&#8221;]A Kitsap Transit\u00a0\u00e9 uma ag\u00eancia de transportes p\u00fablicos com sede em Bremerton, que serve o condado de Kitsap, Washington, parte da \u00e1rea metropolitana de Seattle. A Kitsap Transit opera\u00a0 47 rotas de autocarros e 120 ve\u00edculos. O projeto para a Kitsap inclui a implementa\u00e7\u00e3o do MAIOR Suite para\u00a0a gest\u00e3o da rede, otimiza\u00e7\u00e3o de hor\u00e1rios, otimiza\u00e7\u00e3o de bloqueios e cortes de percurso, atribui\u00e7\u00e3o de tarefas aos condutores e gest\u00e3o di\u00e1ria.[\/vc_column_text][vc_column_text el_class=&#8221;mostra&#8221;]<span style=\"text-decoration: underline;\">SAIBA MAIS<\/span>[\/vc_column_text][vc_column_text el_class=&#8221;chiudi&#8221;]<span style=\"text-decoration: underline;\">X FECHAR<\/span>[\/vc_column_text][\/vc_column][vc_column width=&#8221;1\/2&#8243; el_class=&#8221;references_riga_elenco_col2 java&#8221;][vc_single_image image=&#8221;25205&#8243; el_class=&#8221;attiva&#8221;][vc_row_inner css=&#8221;.vc_custom_1690804391351{margin-top: 24px !important;}&#8221; el_class=&#8221;references_riga_elenco_interno&#8221;][vc_column_inner el_class=&#8221;references_riga_elenco_interno_col1&#8243; width=&#8221;5\/6&#8243;][vc_column_text]\n<h3>Doha, Qatar<\/h3>\n[\/vc_column_text][vc_column_text color=&#8221;#003a69&#8243; font_size=&#8221;20px&#8221; font_family=&#8221;Inter&#8221; line_height=&#8221;150%&#8221; font_weight=&#8221;800&#8243;]Mowasalat[\/vc_column_text][\/vc_column_inner][vc_column_inner el_class=&#8221;references_riga_elenco_interno_col2 logo_referenza&#8221; width=&#8221;1\/6&#8243;][vc_single_image image=&#8221;25206&#8243; alignment=&#8221;right&#8221; onclick=&#8221;custom_link&#8221; img_link_target=&#8221;_blank&#8221; link=&#8221;https:\/\/www.mowasalat.com\/&#8221;][\/vc_column_inner][\/vc_row_inner][vc_column_text css=&#8221;.vc_custom_1755775645387{margin-top: 16px !important;}&#8221; font_size=&#8221;14px&#8221; el_class=&#8221;attiva&#8221;]O Mowasalat Qatar\u00a0Public Service fornece transportes p\u00fablicos em Doha e para todas as principais comunidades do Qatar. Tem mais de 7000 funcion\u00e1rios e\u00a0mais de 2000 autocarros, dos quais cerca de 50% s\u00e3o ve\u00edculos totalmente el\u00e9ctricos. A empresa optou por implementar a suite MAIOR devido \u00e0s suas fortes capacidades de algoritmo para atribuir autocarros e motoristas para um determinado cen\u00e1rio, para suportar ambientes multi-dep\u00f3sito e multi-operador, beneficiando de\u00a0solu\u00e7\u00f5es robustas para o encaminhamento, programa\u00e7\u00e3o de ve\u00edculos e tripula\u00e7\u00e3o em movimento. Mais especificamente, o Mowasalat Qatar disp\u00f5e de funcionalidades para o planeamento da rede, otimiza\u00e7\u00e3o de hor\u00e1rios, an\u00e1lise dos tempos de circula\u00e7\u00e3o, bloqueio de ve\u00edculos e otimiza\u00e7\u00e3o de cortes de circula\u00e7\u00e3o, atribui\u00e7\u00e3o de condutores e gest\u00e3o di\u00e1ria,\u00a0respondendo a todas as necessidades de gest\u00e3o de autocarros el\u00e9ctricos.[\/vc_column_text][vc_column_text el_class=&#8221;mostra&#8221;]<span style=\"text-decoration: underline;\">SAIBA MAIS<\/span>[\/vc_column_text][vc_column_text el_class=&#8221;chiudi&#8221;]<span style=\"text-decoration: underline;\">X FECHAR<\/span>[\/vc_column_text][\/vc_column][\/vc_row][vc_row el_class=&#8221;references_riga_elenco margin_top_30&#8243;][vc_column width=&#8221;1\/2&#8243; el_class=&#8221;references_riga_elenco_col1 java&#8221;][vc_single_image image=&#8221;25207&#8243; el_class=&#8221;attiva&#8221;][vc_row_inner css=&#8221;.vc_custom_1690804391351{margin-top: 24px !important;}&#8221; el_class=&#8221;references_riga_elenco_interno&#8221;][vc_column_inner el_class=&#8221;references_riga_elenco_interno_col1&#8243; width=&#8221;5\/6&#8243;][vc_column_text]\n<h3>Bogot\u00e1, Col\u00f4mbia<\/h3>\n[\/vc_column_text][vc_column_text color=&#8221;#003a69&#8243; font_size=&#8221;20px&#8221; font_family=&#8221;Inter&#8221; line_height=&#8221;150%&#8221; font_weight=&#8221;800&#8243;]Mueve Fontib\u00f3n[\/vc_column_text][\/vc_column_inner][vc_column_inner el_class=&#8221;references_riga_elenco_interno_col2 logo_referenza&#8221; width=&#8221;1\/6&#8243;][vc_single_image image=&#8221;25208&#8243; alignment=&#8221;right&#8221; onclick=&#8221;custom_link&#8221; img_link_target=&#8221;_blank&#8221; link=&#8221;http:\/\/www.muevefontibon.co\/&#8221;][\/vc_column_inner][\/vc_row_inner][vc_column_text css=&#8221;.vc_custom_1755775617195{margin-top: 16px !important;}&#8221; font_size=&#8221;14px&#8221; el_class=&#8221;attiva&#8221;]A Mueve\u00a0Fontib\u00f3n\u00a0\u00e9 um dos fornecedores de transportes p\u00fablicos mais inovadores e ecol\u00f3gicos da Col\u00f4mbia, operando na cidade de Bogot\u00e1 e prestando os seus servi\u00e7os a mais\u00a0de 30.000 passageiros diariamente. A empresa\u00a0gere mais de 170 autocarros el\u00e9ctricos ultra-modernos, atrav\u00e9s de uma rede de mais de 550 paragens de autocarro, cobrindo mais de 30.000 quil\u00f3metros di\u00e1rios. A nova frota ultra-moderna tem como objetivo aumentar n\u00e3o s\u00f3 a efici\u00eancia das opera\u00e7\u00f5es e facilitar o trabalho dos motoristas, mas tamb\u00e9m melhorar a experi\u00eancia dos passageiros e melhorar a qualidade de vida em Bogot\u00e1. A Mueve Fontib\u00f3n optou por implementar o MAIOR Suite para\u00a0otimizar o planeamento e a programa\u00e7\u00e3o das opera\u00e7\u00f5es da sua frota de eBus, criando hor\u00e1rios tendo em conta a autonomia dos ve\u00edculos el\u00e9ctricos e monitorizando o estado de carga (SoC) ao trabalhar no bloqueio de ve\u00edculos.[\/vc_column_text][vc_column_text el_class=&#8221;mostra&#8221;]<span style=\"text-decoration: underline;\">SAIBA MAIS<\/span>[\/vc_column_text][vc_column_text el_class=&#8221;chiudi&#8221;]<span style=\"text-decoration: underline;\">X FECHAR<\/span>[\/vc_column_text][\/vc_column][vc_column width=&#8221;1\/2&#8243; el_class=&#8221;references_riga_elenco_col2 java&#8221;][vc_single_image image=&#8221;25209&#8243; el_class=&#8221;attiva&#8221;][vc_row_inner css=&#8221;.vc_custom_1690804391351{margin-top: 24px !important;}&#8221; el_class=&#8221;references_riga_elenco_interno&#8221;][vc_column_inner el_class=&#8221;references_riga_elenco_interno_col1&#8243; width=&#8221;5\/6&#8243;][vc_column_text]\n<h3>Dublin, Irlanda<\/h3>\n[\/vc_column_text][vc_column_text color=&#8221;#003a69&#8243; font_size=&#8221;20px&#8221; font_family=&#8221;Inter&#8221; line_height=&#8221;150%&#8221; font_weight=&#8221;800&#8243;]NTA[\/vc_column_text][\/vc_column_inner][vc_column_inner el_class=&#8221;references_riga_elenco_interno_col2 logo_referenza&#8221; width=&#8221;1\/6&#8243;][vc_single_image image=&#8221;25210&#8243; alignment=&#8221;right&#8221; onclick=&#8221;custom_link&#8221; img_link_target=&#8221;_blank&#8221; link=&#8221;https:\/\/www.nationaltransport.ie\/&#8221;][\/vc_column_inner][\/vc_row_inner][vc_column_text css=&#8221;.vc_custom_1755775627187{margin-top: 16px !important;}&#8221; font_size=&#8221;14px&#8221; el_class=&#8221;attiva&#8221;]A\u00a0National Transport Authority\u00a0(NTA) \u00e9 a autoridade de transportes da Grande Dublin. Gere contratos de obriga\u00e7\u00e3o de servi\u00e7o p\u00fablico com\u00a0diferentes operadores de transportes. O Sistema de Gest\u00e3o de Contratos (CMS) fornecido pela MAIOR facilita\u00a0a monitoriza\u00e7\u00e3o do desempenho dos servi\u00e7os de autocarro operados ao abrigo de contratos de servi\u00e7o p\u00fablico \u00a0em todo o pa\u00eds. O sistema CMS foi concebido para\u00a0calcular automaticamente os KPIs contratuais, gerar relat\u00f3rios personalizados para a NTA e para os operadores e fornecer ferramentas para analisar a qualidade da rede de transportes.[\/vc_column_text][vc_column_text el_class=&#8221;mostra&#8221;]<span style=\"text-decoration: underline;\">SAIBA MAIS<\/span>[\/vc_column_text][vc_column_text el_class=&#8221;chiudi&#8221;]<span style=\"text-decoration: underline;\">X FECHAR<\/span>[\/vc_column_text][\/vc_column][\/vc_row][vc_row el_class=&#8221;references_riga_elenco margin_top_30&#8243;][vc_column width=&#8221;1\/2&#8243; el_class=&#8221;references_riga_elenco_col1 java&#8221;][vc_single_image image=&#8221;25211&#8243; el_class=&#8221;attiva&#8221;][vc_row_inner css=&#8221;.vc_custom_1690804391351{margin-top: 24px !important;}&#8221; el_class=&#8221;references_riga_elenco_interno&#8221;][vc_column_inner el_class=&#8221;references_riga_elenco_interno_col1&#8243; width=&#8221;5\/6&#8243;][vc_column_text]\n<h3>Denver, EUA<\/h3>\n[\/vc_column_text][vc_column_text color=&#8221;#003a69&#8243; font_size=&#8221;20px&#8221; font_family=&#8221;Inter&#8221; line_height=&#8221;150%&#8221; font_weight=&#8221;800&#8243;]RTD[\/vc_column_text][\/vc_column_inner][vc_column_inner el_class=&#8221;references_riga_elenco_interno_col2 logo_referenza&#8221; width=&#8221;1\/6&#8243;][vc_single_image image=&#8221;25212&#8243; alignment=&#8221;right&#8221; onclick=&#8221;custom_link&#8221; img_link_target=&#8221;_blank&#8221; link=&#8221;https:\/\/www.rtd-denver.com\/&#8221;][\/vc_column_inner][\/vc_row_inner][vc_column_text css=&#8221;.vc_custom_1755775595044{margin-top: 16px !important;}&#8221; font_size=&#8221;14px&#8221; el_class=&#8221;attiva&#8221;]O\u00a0Regional Transportation District\u00a0(RTD) dde Denver \u00e9 o prestador de servi\u00e7os de transporte rodovi\u00e1rio e ferrovi\u00e1rio em Denver, Boulder e cidades vizinhas no Colorado. O RTD gere 163 linhas de autocarros, 9 linhas de metro ligeiro e opera\u00a0800 autocarros e 130 comboios de metro ligeiro. O projeto inclui a implementa\u00e7\u00e3o do MAIOR Suite para\u00a0gest\u00e3o de mapas, otimiza\u00e7\u00e3o da cria\u00e7\u00e3o de viagens, otimiza\u00e7\u00e3o do bloqueio de ve\u00edculos, otimiza\u00e7\u00e3o das tarefas dos condutores e integra\u00e7\u00e3o do sistema com sistemas de terceiros.[\/vc_column_text][vc_column_text el_class=&#8221;mostra&#8221;]<span style=\"text-decoration: underline;\">SAIBA MAIS<\/span>[\/vc_column_text][vc_column_text el_class=&#8221;chiudi&#8221;]<span style=\"text-decoration: underline;\">X FECHAR<\/span>[\/vc_column_text][\/vc_column][vc_column width=&#8221;1\/2&#8243; el_class=&#8221;references_riga_elenco_col2 java&#8221;][vc_single_image image=&#8221;25213&#8243; el_class=&#8221;attiva&#8221;][vc_row_inner css=&#8221;.vc_custom_1690804391351{margin-top: 24px !important;}&#8221; el_class=&#8221;references_riga_elenco_interno&#8221;][vc_column_inner el_class=&#8221;references_riga_elenco_interno_col1&#8243; width=&#8221;5\/6&#8243;][vc_column_text]\n<h3>Danhai, Kaohsiung, Ankeng, Taiwan<\/h3>\n[\/vc_column_text][vc_column_text color=&#8221;#003a69&#8243; font_size=&#8221;20px&#8221; font_family=&#8221;Inter&#8221; line_height=&#8221;150%&#8221; font_weight=&#8221;800&#8243;]Thales Italia[\/vc_column_text][\/vc_column_inner][vc_column_inner el_class=&#8221;references_riga_elenco_interno_col2 logo_referenza&#8221; width=&#8221;1\/6&#8243;][vc_single_image image=&#8221;25214&#8243; alignment=&#8221;right&#8221; onclick=&#8221;custom_link&#8221; img_link_target=&#8221;_blank&#8221; link=&#8221;https:\/\/www.thalesgroup.com\/en&#8221;][\/vc_column_inner][\/vc_row_inner][vc_column_text css=&#8221;.vc_custom_1755775605988{margin-top: 16px !important;}&#8221; font_size=&#8221;14px&#8221; el_class=&#8221;attiva&#8221;]Thales\u00a0\u00e8 leader mondiale nella fonitura di soluzioni di trasporto terrestre e ha numerosi progetti in tutto il mondo. Thales Italia ha scelto MAIOR come partner tecnologico per i progetti di Tramvia\u00a0delle citta di Danhai, Kaohsiung e Ankeng, a Taiwan. I progetti prevedono l&#8217;implementazione di una soluzione di Train and Driver Scheduling and Dispatching System per la\u00a0progettazione degli orari, l&#8217;ottimizzazione dei turni dei veicoli e del personale, l&#8217;assegnazione dell&#8217;equipaggio e la gestione giornaliera del servizio.[\/vc_column_text][vc_column_text el_class=&#8221;mostra&#8221;]<span style=\"text-decoration: underline;\">SAIBA MAIS<\/span>[\/vc_column_text][vc_column_text el_class=&#8221;chiudi&#8221;]<span style=\"text-decoration: underline;\">X FECHAR<\/span>[\/vc_column_text][\/vc_column][\/vc_row][vc_row el_class=&#8221;references_riga_elenco margin_top_30&#8243;][vc_column width=&#8221;1\/2&#8243; el_class=&#8221;references_riga_elenco_col1 java&#8221;][vc_single_image image=&#8221;25215&#8243; el_class=&#8221;attiva&#8221;][vc_row_inner css=&#8221;.vc_custom_1690804391351{margin-top: 24px !important;}&#8221; el_class=&#8221;references_riga_elenco_interno&#8221;][vc_column_inner el_class=&#8221;references_riga_elenco_interno_col1&#8243; width=&#8221;5\/6&#8243;][vc_column_text]\n<h3>Bolonha, It\u00e1lia<\/h3>\n[\/vc_column_text][vc_column_text color=&#8221;#003a69&#8243; font_size=&#8221;20px&#8221; font_family=&#8221;Inter&#8221; line_height=&#8221;150%&#8221; font_weight=&#8221;800&#8243;]TPER[\/vc_column_text][\/vc_column_inner][vc_column_inner el_class=&#8221;references_riga_elenco_interno_col2 logo_referenza&#8221; width=&#8221;1\/6&#8243;][vc_single_image image=&#8221;25216&#8243; alignment=&#8221;right&#8221; onclick=&#8221;custom_link&#8221; img_link_target=&#8221;_blank&#8221; link=&#8221;https:\/\/www.tper.it\/&#8221;][\/vc_column_inner][\/vc_row_inner][vc_column_text css=&#8221;.vc_custom_1741612654100{margin-top: 16px !important;}&#8221; font_size=&#8221;14px&#8221; el_class=&#8221;attiva&#8221;]A<strong>TPER<\/strong>\u00a0(Trasporto Passeggeri Emilia-Romagna) \u00e9 um dos principais operadores de transporte de passageiros em It\u00e1lia, prestando servi\u00e7os por estrada em Bolonha e Ferrara e por caminho de ferro na regi\u00e3o de Emilia-Romagna. A TPER, com os seus servi\u00e7os de transporte p\u00fablico, cobre\u00a0<strong>uma quilometragem anual de mais de 50 milh\u00f5es de quil\u00f3metros<\/strong>; 44,2 milh\u00f5es em servi\u00e7os de autocarro e 5,8 milh\u00f5es de quil\u00f3metros em caminhos-de-ferro. A TPER optou por implementar a MAIOR Suite para otimizar a planifica\u00e7\u00e3o dos servi\u00e7os, melhorar a experi\u00eancia dos passageiros e gerir todas as particularidades das fun\u00e7\u00f5es dos motoristas. \u00c9 gra\u00e7as \u00e0 utiliza\u00e7\u00e3o avan\u00e7ada de simula\u00e7\u00f5es, cen\u00e1rios e altera\u00e7\u00f5es de regras que <strong>a TPER consegue sempre encontrar solu\u00e7\u00f5es \u00f3ptimas de planeamento e programa\u00e7\u00e3o em tempos cada vez mais curtos e a um custo m\u00ednimo.<\/strong> [\/vc_column_text][vc_column_text el_class=&#8221;mostra&#8221;]<span style=\"text-decoration: underline;\">SAIBA MAIS<\/span>[\/vc_column_text][vc_column_text el_class=&#8221;chiudi&#8221;]<span style=\"text-decoration: underline;\">X FECHAR<\/span>[\/vc_column_text][\/vc_column][vc_column width=&#8221;1\/2&#8243; el_class=&#8221;references_riga_elenco_col2 java&#8221;][vc_single_image image=&#8221;25217&#8243; el_class=&#8221;attiva&#8221;][vc_row_inner css=&#8221;.vc_custom_1690804391351{margin-top: 24px !important;}&#8221; el_class=&#8221;references_riga_elenco_interno&#8221;][vc_column_inner el_class=&#8221;references_riga_elenco_interno_col1&#8243; width=&#8221;5\/6&#8243;][vc_column_text]\n<h3>Mil\u00e3o, It\u00e1lia<\/h3>\n[\/vc_column_text][vc_column_text color=&#8221;#003a69&#8243; font_size=&#8221;20px&#8221; font_family=&#8221;Inter&#8221; line_height=&#8221;150%&#8221; font_weight=&#8221;800&#8243;] Trenord[\/vc_column_text][\/vc_column_inner][vc_column_inner el_class=&#8221;references_riga_elenco_interno_col2 logo_referenza&#8221; width=&#8221;1\/6&#8243;][vc_single_image image=&#8221;25218&#8243; alignment=&#8221;right&#8221; onclick=&#8221;custom_link&#8221; img_link_target=&#8221;_blank&#8221; link=&#8221;https:\/\/www.trenord.it\/&#8221;][\/vc_column_inner][\/vc_row_inner][vc_column_text css=&#8221;.vc_custom_1755775455946{margin-top: 16px !important;}&#8221; font_size=&#8221;14px&#8221; el_class=&#8221;attiva&#8221;]A Trenord\u00a0opera na zona mais din\u00e2mica de It\u00e1lia, com mais de 800.000 pessoas\u00a0a viajar de comboio todos os dias. Fornece\u00a0transporte local por comboio e gere o servi\u00e7o ferrovi\u00e1rio suburbano e regional\u00a0o servi\u00e7o aeroportu\u00e1rio e o servi\u00e7o transfronteiri\u00e7o da regi\u00e3o, proporcionando um total de\u00a02.300 viagens por dia,\u00a0predominantemente para o centro de Mil\u00e3o. O projeto da MAIOR para a Trenord envolve a implementa\u00e7\u00e3o de um\u00a0Sistema de Gest\u00e3o de Tripula\u00e7\u00f5es\u00a0 que optimiza a atribui\u00e7\u00e3o e gest\u00e3o de tarefas.[\/vc_column_text][vc_column_text el_class=&#8221;mostra&#8221;]<span style=\"text-decoration: underline;\">SAIBA MAIS<\/span>[\/vc_column_text][vc_column_text el_class=&#8221;chiudi&#8221;]<span style=\"text-decoration: underline;\">X FECHAR<\/span>[\/vc_column_text][\/vc_column][\/vc_row][vc_row full_width=&#8221;stretch_row&#8221; el_class=&#8221;home_riga_transit margin_top_60 buses_suite_riga_prenota&#8221; css=&#8221;.vc_custom_1693472443269{background-image: url(https:\/\/www.maior.it\/wp-content\/uploads\/2023\/08\/MAIOR-schedule-meeting-.jpg?id=2384) !important;background-position: center !important;background-repeat: no-repeat !important;background-size: cover !important;}&#8221;][vc_column][vc_column_text color=&#8221;#ffffff&#8221; font_size=&#8221;36px&#8221; font_family=&#8221;Montserrat&#8221; line_height=&#8221;140%&#8221; font_weight=&#8221;600&#8243; text_align=&#8221;center&#8221;]\n<h2>Gostaria de conhecer a MAIOR Suite?<\/h2>\n[\/vc_column_text][vc_column_text color=&#8221;#ffffff&#8221; font_size=&#8221;d:42px|pl:28px|pp:28px&#8221; font_family=&#8221;Montserrat&#8221; line_height=&#8221;130%&#8221; font_weight=&#8221;800&#8243; text_align=&#8221;center&#8221;]Marque uma reuni\u00e3o com a nossa equipa[\/vc_column_text]<div class=\"vcex-module vcex-icon-box vcex-icon-box-seven wpex-relative wpex-flex wpex-text-right wpex-flex-row-reverse icon_box margin_top_40\" data-wpex-hover=\"{&quot;background&quot;:&quot;#f5bb06&quot;}\" style=\"background-color:#faa00e;border-radius:8px;\"><div class=\"vcex-icon-box-symbol wpex-flex-shrink-0 wpex-ml-20\"><a href=\"https:\/\/www.maior.it\/pt\/entre-em-contato\/agende-uma-demo\/\" class=\"wpex-no-underline\"><img loading=\"lazy\" decoding=\"async\" src=\"https:\/\/www.maior.it\/wp-content\/uploads\/2023\/07\/freccia-bianca-destra.svg\" alt=\"\" class=\"vcex-icon-box-image wpex-align-middle\" style=\"width:28px;height:16px;\" width=\"28\" height=\"16\"><\/a><\/div><div class=\"vcex-icon-box-text wpex-flex-grow\"><a href=\"https:\/\/www.maior.it\/pt\/entre-em-contato\/agende-uma-demo\/\" class=\"vcex-icon-box-link wpex-no-underline\"><h2 class=\"vcex-icon-box-heading wpex-heading wpex-text-md wpex-mb-10\" style=\"font-family:Montserrat;font-weight:800;color:#ffffff;font-size:18px;\">Agendar uma demo<\/h2><\/a><\/div><\/div>[\/vc_column][\/vc_row][vc_row content_placement=&#8221;middle&#8221; el_class=&#8221;margin_top_80 aboutus_riga_contatti margin_bot_80&#8243; visibility=&#8221;hidden&#8221;][vc_column width=&#8221;1\/6&#8243; el_class=&#8221;aboutus_riga_contatti_col1&#8243; css=&#8221;.vc_custom_1689674988371{background-image: url(https:\/\/www.maior.it\/wp-content\/uploads\/2023\/07\/mail-bg.png?id=872) !important;}&#8221;][\/vc_column][vc_column width=&#8221;2\/3&#8243; el_class=&#8221;aboutus_riga_contatti_col2 center_desktop&#8221; css=&#8221;.vc_custom_1689751696717{background-image: url(https:\/\/www.maior.it\/wp-content\/uploads\/2023\/07\/mail-bg.png?id=872) !important;}&#8221;][vc_separator color=&#8221;custom&#8221; border_width=&#8221;6&#8243; el_width=&#8221;10&#8243; accent_color=&#8221;#003a69&#8243; el_class=&#8221;desktop&#8221;][vc_separator color=&#8221;custom&#8221; align=&#8221;align_left&#8221; border_width=&#8221;6&#8243; el_width=&#8221;20&#8243; accent_color=&#8221;#003a69&#8243; el_class=&#8221;mobile&#8221;][vc_column_text css=&#8221;.vc_custom_1741613151094{margin-top: 15px !important;}&#8221; color=&#8221;#0071bb&#8221; font_size=&#8221;d:19px|pl:16px|pp:16px&#8221; font_family=&#8221;Montserrat&#8221; letter_spacing=&#8221;2.28px&#8221; font_weight=&#8221;600&#8243; text_transform=&#8221;uppercase&#8221; el_class=&#8221;center_desktop&#8221;]\n<h4>Deseja mais informa\u00e7\u00f5es?<\/h4>\n[\/vc_column_text]<div class=\"vc_custom_1747650178767 wpex-clr\"><a href=\"https:\/\/www.maior.it\/pt\/entre-em-contato\/contacte-nos\/\" class=\"vcex-button theme-button inline\"><span class=\"theme-button-inner\">Contacte-nos<\/span><\/a><\/div> [\/vc_column][vc_column width=&#8221;1\/6&#8243; el_class=&#8221;aboutus_riga_contatti_col3&#8243; css=&#8221;.vc_custom_1689674997818{background-image: url(https:\/\/www.maior.it\/wp-content\/uploads\/2023\/07\/mail-bg.png?id=872) !important;}&#8221;][\/vc_column][\/vc_row]\n<\/section>","protected":false},"excerpt":{"rendered":"<p>[vc_row el_class=&#8221;breadcrumb margin_top_30&#8243;][vc_column][\/vc_column][\/vc_row][vc_row full_width=&#8221;stretch_row_content_no_spaces&#8221; content_placement=&#8221;middle&#8221; el_class=&#8221;margin_top_50 references_riga1 margin_bot_50&#8243; visibility=&#8221;hidden-phone&#8221;][vc_column width=&#8221;1\/2&#8243; el_class=&#8221;references_riga1_col1&#8243;][vc_single_image image=&#8221;25223&#8243;][\/vc_column][vc_column width=&#8221;1\/2&#8243; el_class=&#8221;references_riga1_col2&#8243;][vc_column_text] Refer\u00eancias [\/vc_column_text][vc_column_text] Somos o parceiro tecnol\u00f3gico de mais de 200 empresas de transporte p\u00fablico em todo o mundo. [\/vc_column_text][vc_column_text el_class=&#8221;margin_top_40&#8243;]A MAIOR tem orgulho de ser o parceiro tecnol\u00f3gico de seus clientes, contribuindo ativamente para a transforma\u00e7\u00e3o da efici\u00eancia no transporte p\u00fablico&hellip;<\/p>\n","protected":false},"author":2,"featured_media":0,"parent":25502,"menu_order":0,"comment_status":"closed","ping_status":"closed","template":"","meta":{"_acf_changed":false,"inline_featured_image":false,"footnotes":""},"class_list":["post-25189","page","type-page","status-publish","hentry","entry","no-media"],"acf":[],"yoast_head":"<!-- This site is optimized with the Yoast SEO plugin v27.1.1 - https:\/\/yoast.com\/product\/yoast-seo-wordpress\/ -->\n<title>MAIOR | Refer\u00eancias<\/title>\n<meta name=\"description\" content=\"A MAIOR tem orgulho de ser o parceiro tecnol\u00f3gico de seus clientes, contribuindo ativamente para a transforma\u00e7\u00e3o da efici\u00eancia no transporte p\u00fablico e promovendo a sustentabilidade por meio do aprimoramento do planejamento operacional.\" \/>\n<meta name=\"robots\" content=\"index, follow, max-snippet:-1, max-image-preview:large, max-video-preview:-1\" \/>\n<link rel=\"canonical\" href=\"https:\/\/www.maior.it\/pt\/maior-empresa\/referencias\/\" \/>\n<meta property=\"og:locale\" content=\"pt_PT\" \/>\n<meta property=\"og:type\" content=\"article\" \/>\n<meta property=\"og:title\" content=\"MAIOR | Refer\u00eancias\" \/>\n<meta property=\"og:description\" content=\"A MAIOR tem orgulho de ser o parceiro tecnol\u00f3gico de seus clientes, contribuindo ativamente para a transforma\u00e7\u00e3o da efici\u00eancia no transporte p\u00fablico e promovendo a sustentabilidade por meio do aprimoramento do planejamento operacional.\" \/>\n<meta property=\"og:url\" content=\"https:\/\/www.maior.it\/pt\/maior-empresa\/referencias\/\" \/>\n<meta property=\"og:site_name\" content=\"MAIOR\" \/>\n<meta property=\"article:modified_time\" content=\"2026-02-26T16:42:20+00:00\" \/>\n<meta name=\"twitter:card\" content=\"summary_large_image\" \/>\n<meta name=\"twitter:label1\" content=\"Est. reading time\" \/>\n\t<meta name=\"twitter:data1\" content=\"22 minutos\" \/>\n<script type=\"application\/ld+json\" class=\"yoast-schema-graph\">{\"@context\":\"https:\/\/schema.org\",\"@graph\":[{\"@type\":\"WebPage\",\"@id\":\"https:\/\/www.maior.it\/pt\/maior-empresa\/referencias\/\",\"url\":\"https:\/\/www.maior.it\/pt\/maior-empresa\/referencias\/\",\"name\":\"MAIOR | Refer\u00eancias\",\"isPartOf\":{\"@id\":\"https:\/\/www.maior.it\/#website\"},\"datePublished\":\"2023-07-17T06:38:36+00:00\",\"dateModified\":\"2026-02-26T16:42:20+00:00\",\"description\":\"A MAIOR tem orgulho de ser o parceiro tecnol\u00f3gico de seus clientes, contribuindo ativamente para a transforma\u00e7\u00e3o da efici\u00eancia no transporte p\u00fablico e promovendo a sustentabilidade por meio do aprimoramento do planejamento operacional.\",\"breadcrumb\":{\"@id\":\"https:\/\/www.maior.it\/pt\/maior-empresa\/referencias\/#breadcrumb\"},\"inLanguage\":\"pt-AO\",\"potentialAction\":[{\"@type\":\"ReadAction\",\"target\":[\"https:\/\/www.maior.it\/pt\/maior-empresa\/referencias\/\"]}]},{\"@type\":\"BreadcrumbList\",\"@id\":\"https:\/\/www.maior.it\/pt\/maior-empresa\/referencias\/#breadcrumb\",\"itemListElement\":[{\"@type\":\"ListItem\",\"position\":1,\"name\":\"Home\",\"item\":\"https:\/\/www.maior.it\/pt\/\"},{\"@type\":\"ListItem\",\"position\":2,\"name\":\"MAIOR\",\"item\":\"https:\/\/www.maior.it\/pt\/maior-empresa\/\"},{\"@type\":\"ListItem\",\"position\":3,\"name\":\"Refer\u00eancias\"}]},{\"@type\":\"WebSite\",\"@id\":\"https:\/\/www.maior.it\/#website\",\"url\":\"https:\/\/www.maior.it\/\",\"name\":\"MAIOR\",\"description\":\"\",\"publisher\":{\"@id\":\"https:\/\/www.maior.it\/#organization\"},\"potentialAction\":[{\"@type\":\"SearchAction\",\"target\":{\"@type\":\"EntryPoint\",\"urlTemplate\":\"https:\/\/www.maior.it\/?s={search_term_string}\"},\"query-input\":{\"@type\":\"PropertyValueSpecification\",\"valueRequired\":true,\"valueName\":\"search_term_string\"}}],\"inLanguage\":\"pt-AO\"},{\"@type\":\"Organization\",\"@id\":\"https:\/\/www.maior.it\/#organization\",\"name\":\"MAIOR\",\"url\":\"https:\/\/www.maior.it\/\",\"logo\":{\"@type\":\"ImageObject\",\"inLanguage\":\"pt-AO\",\"@id\":\"https:\/\/www.maior.it\/#\/schema\/logo\/image\/\",\"url\":\"https:\/\/www.maior.it\/wp-content\/uploads\/2023\/08\/maior-favicon.jpg\",\"contentUrl\":\"https:\/\/www.maior.it\/wp-content\/uploads\/2023\/08\/maior-favicon.jpg\",\"width\":48,\"height\":48,\"caption\":\"MAIOR\"},\"image\":{\"@id\":\"https:\/\/www.maior.it\/#\/schema\/logo\/image\/\"},\"sameAs\":[\"https:\/\/www.instagram.com\/maior.it\",\"https:\/\/www.linkedin.com\/company\/m-a-i-o-r-\/\"]}]}<\/script>\n<!-- \/ Yoast SEO plugin. -->","yoast_head_json":{"title":"MAIOR | Refer\u00eancias","description":"A MAIOR tem orgulho de ser o parceiro tecnol\u00f3gico de seus clientes, contribuindo ativamente para a transforma\u00e7\u00e3o da efici\u00eancia no transporte p\u00fablico e promovendo a sustentabilidade por meio do aprimoramento do planejamento operacional.","robots":{"index":"index","follow":"follow","max-snippet":"max-snippet:-1","max-image-preview":"max-image-preview:large","max-video-preview":"max-video-preview:-1"},"canonical":"https:\/\/www.maior.it\/pt\/maior-empresa\/referencias\/","og_locale":"pt_PT","og_type":"article","og_title":"MAIOR | Refer\u00eancias","og_description":"A MAIOR tem orgulho de ser o parceiro tecnol\u00f3gico de seus clientes, contribuindo ativamente para a transforma\u00e7\u00e3o da efici\u00eancia no transporte p\u00fablico e promovendo a sustentabilidade por meio do aprimoramento do planejamento operacional.","og_url":"https:\/\/www.maior.it\/pt\/maior-empresa\/referencias\/","og_site_name":"MAIOR","article_modified_time":"2026-02-26T16:42:20+00:00","twitter_card":"summary_large_image","twitter_misc":{"Est. reading time":"22 minutos"},"schema":{"@context":"https:\/\/schema.org","@graph":[{"@type":"WebPage","@id":"https:\/\/www.maior.it\/pt\/maior-empresa\/referencias\/","url":"https:\/\/www.maior.it\/pt\/maior-empresa\/referencias\/","name":"MAIOR | Refer\u00eancias","isPartOf":{"@id":"https:\/\/www.maior.it\/#website"},"datePublished":"2023-07-17T06:38:36+00:00","dateModified":"2026-02-26T16:42:20+00:00","description":"A MAIOR tem orgulho de ser o parceiro tecnol\u00f3gico de seus clientes, contribuindo ativamente para a transforma\u00e7\u00e3o da efici\u00eancia no transporte p\u00fablico e promovendo a sustentabilidade por meio do aprimoramento do planejamento operacional.","breadcrumb":{"@id":"https:\/\/www.maior.it\/pt\/maior-empresa\/referencias\/#breadcrumb"},"inLanguage":"pt-AO","potentialAction":[{"@type":"ReadAction","target":["https:\/\/www.maior.it\/pt\/maior-empresa\/referencias\/"]}]},{"@type":"BreadcrumbList","@id":"https:\/\/www.maior.it\/pt\/maior-empresa\/referencias\/#breadcrumb","itemListElement":[{"@type":"ListItem","position":1,"name":"Home","item":"https:\/\/www.maior.it\/pt\/"},{"@type":"ListItem","position":2,"name":"MAIOR","item":"https:\/\/www.maior.it\/pt\/maior-empresa\/"},{"@type":"ListItem","position":3,"name":"Refer\u00eancias"}]},{"@type":"WebSite","@id":"https:\/\/www.maior.it\/#website","url":"https:\/\/www.maior.it\/","name":"MAIOR","description":"","publisher":{"@id":"https:\/\/www.maior.it\/#organization"},"potentialAction":[{"@type":"SearchAction","target":{"@type":"EntryPoint","urlTemplate":"https:\/\/www.maior.it\/?s={search_term_string}"},"query-input":{"@type":"PropertyValueSpecification","valueRequired":true,"valueName":"search_term_string"}}],"inLanguage":"pt-AO"},{"@type":"Organization","@id":"https:\/\/www.maior.it\/#organization","name":"MAIOR","url":"https:\/\/www.maior.it\/","logo":{"@type":"ImageObject","inLanguage":"pt-AO","@id":"https:\/\/www.maior.it\/#\/schema\/logo\/image\/","url":"https:\/\/www.maior.it\/wp-content\/uploads\/2023\/08\/maior-favicon.jpg","contentUrl":"https:\/\/www.maior.it\/wp-content\/uploads\/2023\/08\/maior-favicon.jpg","width":48,"height":48,"caption":"MAIOR"},"image":{"@id":"https:\/\/www.maior.it\/#\/schema\/logo\/image\/"},"sameAs":["https:\/\/www.instagram.com\/maior.it","https:\/\/www.linkedin.com\/company\/m-a-i-o-r-\/"]}]}},"_links":{"self":[{"href":"https:\/\/www.maior.it\/pt\/wp-json\/wp\/v2\/pages\/25189","targetHints":{"allow":["GET"]}}],"collection":[{"href":"https:\/\/www.maior.it\/pt\/wp-json\/wp\/v2\/pages"}],"about":[{"href":"https:\/\/www.maior.it\/pt\/wp-json\/wp\/v2\/types\/page"}],"author":[{"embeddable":true,"href":"https:\/\/www.maior.it\/pt\/wp-json\/wp\/v2\/users\/2"}],"replies":[{"embeddable":true,"href":"https:\/\/www.maior.it\/pt\/wp-json\/wp\/v2\/comments?post=25189"}],"version-history":[{"count":14,"href":"https:\/\/www.maior.it\/pt\/wp-json\/wp\/v2\/pages\/25189\/revisions"}],"predecessor-version":[{"id":30407,"href":"https:\/\/www.maior.it\/pt\/wp-json\/wp\/v2\/pages\/25189\/revisions\/30407"}],"up":[{"embeddable":true,"href":"https:\/\/www.maior.it\/pt\/wp-json\/wp\/v2\/pages\/25502"}],"wp:attachment":[{"href":"https:\/\/www.maior.it\/pt\/wp-json\/wp\/v2\/media?parent=25189"}],"curies":[{"name":"wp","href":"https:\/\/api.w.org\/{rel}","templated":true}]}}